{"id":252,"date":"2019-05-21T15:19:05","date_gmt":"2019-05-21T15:19:05","guid":{"rendered":"https:\/\/tantonteriateatro.com\/?page_id=252"},"modified":"2019-11-16T14:27:38","modified_gmt":"2019-11-16T14:27:38","slug":"blog-2","status":"publish","type":"page","link":"https:\/\/tantonteriateatro.com\/index.php\/blog-2\/","title":{"rendered":"Noticias"},"content":{"rendered":"\n<div class=\"wp-block-columns has-2-columns is-layout-flex wp-container-core-columns-is-layout-28f84493 wp-block-columns-is-layout-flex\">\n<div class=\"wp-block-column is-layout-flow wp-block-column-is-layout-flow\">\n<h2 class=\"wp-block-heading\" style=\"text-align:center\">Tiempos Viejos estar\u00e1 en el 37 Festival de Teatro de M\u00e1laga<\/h2>\n\n\n\n<div class=\"wp-block-image\"><figure class=\"aligncenter is-resized\"><img decoding=\"async\" src=\"https:\/\/i2.wp.com\/tantonteriateatro.com\/wp-content\/uploads\/2019\/11\/FESTIVAL-M\u00c1LAGA.jpg?fit=667%2C1024&amp;ssl=1\" alt=\"\" class=\"wp-image-617\" width=\"400\" srcset=\"https:\/\/i0.wp.com\/tantonteriateatro.com\/wp-content\/uploads\/2019\/11\/FESTIVAL-M%C3%81LAGA.jpg?w=1080&amp;ssl=1 1080w, https:\/\/i0.wp.com\/tantonteriateatro.com\/wp-content\/uploads\/2019\/11\/FESTIVAL-M%C3%81LAGA.jpg?resize=195%2C300&amp;ssl=1 195w, https:\/\/i0.wp.com\/tantonteriateatro.com\/wp-content\/uploads\/2019\/11\/FESTIVAL-M%C3%81LAGA.jpg?resize=768%2C1180&amp;ssl=1 768w, https:\/\/i0.wp.com\/tantonteriateatro.com\/wp-content\/uploads\/2019\/11\/FESTIVAL-M%C3%81LAGA.jpg?resize=667%2C1024&amp;ssl=1 667w\" sizes=\"(max-width: 950px) 100vw, 950px\" \/><\/figure><\/div>\n<\/div>\n\n\n\n<div class=\"wp-block-column is-layout-flow wp-block-column-is-layout-flow\"><\/div>\n<\/div>\n\n\n\n<div class=\"wp-block-columns has-2-columns is-layout-flex wp-container-core-columns-is-layout-28f84493 wp-block-columns-is-layout-flex\">\n<div class=\"wp-block-column is-layout-flow wp-block-column-is-layout-flow\">\n<h2 class=\"wp-block-heading\" style=\"text-align:center\">Entrevista a Ester Abad y a Miguel Navarro en el programa TeV\u00e9 de PTV<\/h2>\n\n\n\n<figure class=\"wp-block-embed-youtube aligncenter wp-block-embed is-type-video is-provider-youtube wp-embed-aspect-16-9 wp-has-aspect-ratio\"><div class=\"wp-block-embed__wrapper\">\n<iframe loading=\"lazy\" title=\"\u00abM\u00e1laga TeV\u00e9\u00bb 03\/10\/2019\" width=\"950\" height=\"534\" src=\"https:\/\/www.youtube.com\/embed\/hdKAXLnYpu4?feature=oembed\" frameborder=\"0\" allow=\"accelerometer; autoplay; clipboard-write; encrypted-media; gyroscope; picture-in-picture; web-share\" referrerpolicy=\"strict-origin-when-cross-origin\" allowfullscreen><\/iframe>\n<\/div><\/figure>\n\n\n\n<p>Con motivo de nuestras representaciones en Sala CAMM, el programa TeV\u00e9 nos dedica unos minutos para entrevistarnos. <\/p>\n\n\n\n<p>Ester y Miguel son los encargados de hablaros sobre nuestros dos espect\u00e1culos <strong>\u00abTiempos Viejos\u00bb <\/strong>y <strong>\u00abGru\u00f1idos\u00bb<\/strong>, que estar\u00e1n los dos fines de semana de octubre en la sala CAMM.<\/p>\n<\/div>\n\n\n\n<div class=\"wp-block-column is-layout-flow wp-block-column-is-layout-flow\">\n<h2 class=\"wp-block-heading\" style=\"text-align:center\">Presentaci\u00f3n del 29\u00ba ciclo de Teatro, danza y m\u00fasica del Teatro C\u00e1novas<\/h2>\n\n\n\n<div class=\"wp-block-image\"><figure class=\"aligncenter is-resized\"><img loading=\"lazy\" decoding=\"async\" src=\"https:\/\/i2.wp.com\/tantonteriateatro.com\/wp-content\/uploads\/2019\/10\/Presentaci\u00f3n.jpeg?fit=768%2C1024&amp;ssl=1\" alt=\"\" class=\"wp-image-489\" width=\"431\" height=\"574\" srcset=\"https:\/\/i0.wp.com\/tantonteriateatro.com\/wp-content\/uploads\/2019\/10\/Presentaci%C3%B3n.jpeg?w=1200&amp;ssl=1 1200w, https:\/\/i0.wp.com\/tantonteriateatro.com\/wp-content\/uploads\/2019\/10\/Presentaci%C3%B3n.jpeg?resize=225%2C300&amp;ssl=1 225w, https:\/\/i0.wp.com\/tantonteriateatro.com\/wp-content\/uploads\/2019\/10\/Presentaci%C3%B3n.jpeg?resize=768%2C1024&amp;ssl=1 768w\" sizes=\"auto, (max-width: 431px) 100vw, 431px\" \/><\/figure><\/div>\n\n\n\n<p>El pasado 3 Octubre tuvo lugar la presentaci\u00f3n del 29\u00ba ciclo de teatro en el Teatro C\u00e1novas.  El evento se organiza dentro de las jornadas para la promoci\u00f3n, ponencias y debates sobre el teatro en las aulas.<\/p>\n\n\n\n<p>En este nuevo ciclo que se inicia, TanTonTer\u00eda presentar\u00e1 desde el <strong>29 al 31<\/strong> octubre<strong> \u00abLa Vida es Cuento\u00bb<\/strong>. Nuestra \u00faltima producci\u00f3n de teatro de objetos, t\u00edteres y teatro negro. A trav\u00e9s de su argumento tratamos temas importantes como el compromiso de los padres en la educaci\u00f3n de los hijos\/as.<\/p>\n<\/div>\n<\/div>\n\n\n\n<div class=\"wp-block-columns has-2-columns is-layout-flex wp-container-core-columns-is-layout-28f84493 wp-block-columns-is-layout-flex\">\n<div class=\"wp-block-column is-layout-flow wp-block-column-is-layout-flow\">\n<h2 class=\"wp-block-heading\" style=\"text-align:center\">La Opini\u00f3n de M\u00e1laga publica un reportaje donde habla de la situaci\u00f3n del teatro en M\u00e1laga<\/h2>\n\n\n\n<div class=\"wp-block-image\"><figure class=\"aligncenter is-resized\"><img data-recalc-dims=\"1\" decoding=\"async\" src=\"https:\/\/i0.wp.com\/tantonteriateatro.com\/wp-content\/uploads\/2019\/09\/mg3313-5.jpg?w=520&#038;ssl=1\" alt=\"\" class=\"wp-image-480\"  srcset=\"https:\/\/i0.wp.com\/tantonteriateatro.com\/wp-content\/uploads\/2019\/09\/mg3313-5.jpg?w=690&amp;ssl=1 690w, https:\/\/i0.wp.com\/tantonteriateatro.com\/wp-content\/uploads\/2019\/09\/mg3313-5.jpg?resize=300%2C185&amp;ssl=1 300w\" sizes=\"(max-width: 690px) 100vw, 690px\" \/><\/figure><\/div>\n\n\n\n<p><\/p>\n\n\n\n<p>El peri\u00f3dico La Opini\u00f3n de M\u00e1laga publica este reportaje donde hablan sobre TanTonTer\u00eda y junto a otras compa\u00f1\u00edas malague\u00f1as: La L\u00edquida, El Espejo Negro, \u00cdndigo Teatro y Producciones Infantiles Miguel Pino.<\/p>\n\n\n\n<p>En este reportaje, las cinco compa\u00f1\u00edas desvelamos la esencia y la situaci\u00f3n del oficio teatral<\/p>\n\n\n\n<p><strong>Enlace al reportaje: <\/strong>https:\/\/bit.ly\/2kMTJvU<\/p>\n<\/div>\n\n\n\n<div class=\"wp-block-column is-layout-flow wp-block-column-is-layout-flow\">\n<h2 class=\"wp-block-heading\" style=\"text-align:center\">Presentaci\u00f3n de la programaci\u00f3n de la Sala CAMM<\/h2>\n\n\n\n<div style=\"height:46px\" aria-hidden=\"true\" class=\"wp-block-spacer\"><\/div>\n\n\n\n<div class=\"wp-block-image\"><figure class=\"aligncenter is-resized\"><img data-recalc-dims=\"1\" decoding=\"async\" src=\"https:\/\/i0.wp.com\/tantonteriateatro.com\/wp-content\/uploads\/2019\/09\/Manuel-CAMM-Itziar-Fernandez-Marina_1390671167_105610824_667x375-1.jpg?w=850&#038;ssl=1\" alt=\"\" class=\"wp-image-456\"  srcset=\"https:\/\/i0.wp.com\/tantonteriateatro.com\/wp-content\/uploads\/2019\/09\/Manuel-CAMM-Itziar-Fernandez-Marina_1390671167_105610824_667x375-1.jpg?w=667&amp;ssl=1 667w, https:\/\/i0.wp.com\/tantonteriateatro.com\/wp-content\/uploads\/2019\/09\/Manuel-CAMM-Itziar-Fernandez-Marina_1390671167_105610824_667x375-1.jpg?resize=300%2C169&amp;ssl=1 300w\" sizes=\"(max-width: 667px) 100vw, 667px\" \/><figcaption>Fotograf\u00eda M\u00e1laga Hoy<\/figcaption><\/figure><\/div>\n\n\n\n<p>M\u00e1laga Hoy y El Arc\u00f3n de Natalia se hace eco del nuevo espacio dedicado a la escena malague\u00f1a.<\/p>\n\n\n\n<p>En este primer trimestre, desde septiembre hasta diciembre pasar\u00e1 por los escenarios de la sala distintas compa\u00f1\u00eda con propuestas de diferentes palos; teatro de texto, danza, infantil, danza, clown. <\/p>\n\n\n\n<p>Las compa\u00f1\u00edas que pasaremos por este espacio son: Re Teatro (como compa\u00f1\u00eda residente), Los Estupendos Est\u00fapidos, Petit Teatro, 2si\u00c9H Teatro, Silencia Danza y Ra\u00fal Dur\u00e1n.<\/p>\n\n\n\n<p>Dejamos aqu\u00ed los enlaces de los medios.<\/p>\n\n\n\n<p><strong>El Arc\u00f3n de Natalia:<\/strong> https:\/\/bit.ly\/2mfPFox<\/p>\n\n\n\n<p><strong>M\u00e1laga Hoy<\/strong>: https:\/\/bit.ly\/2lNGhIs<\/p>\n<\/div>\n<\/div>\n\n\n\n<div class=\"wp-block-columns has-2-columns is-layout-flex wp-container-core-columns-is-layout-28f84493 wp-block-columns-is-layout-flex\">\n<div class=\"wp-block-column is-layout-flow wp-block-column-is-layout-flow\">\n<h2 class=\"wp-block-heading\" style=\"text-align:center\">TanTonT\u00e9r\u00eda Teatro consigue cuatro premios en el M\u00e1laga Crea 2019: Mejor Espect\u00e1culo, Mejor direcci\u00f3n, Mejor actriz y Mejor actor<\/h2>\n\n\n\n<div class=\"wp-block-image\"><figure class=\"aligncenter is-resized\"><img data-recalc-dims=\"1\" loading=\"lazy\" decoding=\"async\" src=\"https:\/\/i0.wp.com\/tantonteriateatro.com\/wp-content\/uploads\/2019\/08\/62304934_2133757260070497_2483532106966237184_o.jpg?resize=480%2C359&#038;ssl=1\" alt=\"\" class=\"wp-image-421\" width=\"480\" height=\"359\" srcset=\"https:\/\/i0.wp.com\/tantonteriateatro.com\/wp-content\/uploads\/2019\/08\/62304934_2133757260070497_2483532106966237184_o.jpg?resize=1024%2C768&amp;ssl=1 1024w, https:\/\/i0.wp.com\/tantonteriateatro.com\/wp-content\/uploads\/2019\/08\/62304934_2133757260070497_2483532106966237184_o.jpg?resize=300%2C225&amp;ssl=1 300w, https:\/\/i0.wp.com\/tantonteriateatro.com\/wp-content\/uploads\/2019\/08\/62304934_2133757260070497_2483532106966237184_o.jpg?resize=768%2C576&amp;ssl=1 768w, https:\/\/i0.wp.com\/tantonteriateatro.com\/wp-content\/uploads\/2019\/08\/62304934_2133757260070497_2483532106966237184_o.jpg?w=2016&amp;ssl=1 2016w, https:\/\/i0.wp.com\/tantonteriateatro.com\/wp-content\/uploads\/2019\/08\/62304934_2133757260070497_2483532106966237184_o.jpg?w=1900&amp;ssl=1 1900w\" sizes=\"auto, (max-width: 480px) 100vw, 480px\" \/><\/figure><\/div>\n\n\n\n<p>El pasado 11 Junio\nse celebr\u00f3 la gala final donde se entregaba los premios de Artes Esc\u00e9nicas\nM\u00e1laga Crea 2019.<\/p>\n\n\n\n<p>Tiempos Viejos\nconsigui\u00f3 los premios al&nbsp;<strong>Mejor\nespect\u00e1culo, Mejor direcci\u00f3n, Mejor actriz y Mejor Actor<\/strong>.<\/p>\n\n\n\n<p>Tras una muestra\nde 15 minutos del espect\u00e1culo, acabamos muy gratificados con la acogida que\ntuvo en ese gran teatro como es el Teatro Cervantes de M\u00e1laga. En nuestro\nrecuerdo siempre quedar\u00e1 esas carcajadas en ese inmenso patio de butacas.<\/p>\n\n\n\n<p>Esperamos que este\npremio sea un gran impulso para llevar este bonito espect\u00e1culo a muchas plazas;\nqueremos seguir escuchando las carcajadas del p\u00fablico, queremos sentir como se\nemocionan y queremos que sue\u00f1en con \u00abvolar\u00bb, como nuestro protagonista Jos\u00e9.<\/p>\n\n\n\n<p>Desde TanTonTer\u00eda Teatro, queremos dar las gracias a aquellas personas que han confiado en nosotros, y por supuesto, nuestras felicitaciones al resto de compa\u00f1\u00edas.<\/p>\n<\/div>\n\n\n\n<div class=\"wp-block-column is-layout-flow wp-block-column-is-layout-flow\">\n<h2 class=\"wp-block-heading\" style=\"text-align:center\">Entrevista para el Arc\u00f3n de Natalia<\/h2>\n\n\n\n<div style=\"height:37px\" aria-hidden=\"true\" class=\"wp-block-spacer\"><\/div>\n\n\n\n<div style=\"height:50px\" aria-hidden=\"true\" class=\"wp-block-spacer\"><\/div>\n\n\n\n<div class=\"wp-block-image\"><figure class=\"aligncenter is-resized\"><img data-recalc-dims=\"1\" loading=\"lazy\" decoding=\"async\" src=\"https:\/\/i0.wp.com\/tantonteriateatro.com\/wp-content\/uploads\/2019\/08\/MG_3770-min.jpg?resize=562%2C376&#038;ssl=1\" alt=\"\" class=\"wp-image-420\" width=\"562\" height=\"376\" srcset=\"https:\/\/i0.wp.com\/tantonteriateatro.com\/wp-content\/uploads\/2019\/08\/MG_3770-min.jpg?resize=1024%2C683&amp;ssl=1 1024w, https:\/\/i0.wp.com\/tantonteriateatro.com\/wp-content\/uploads\/2019\/08\/MG_3770-min.jpg?resize=300%2C200&amp;ssl=1 300w, https:\/\/i0.wp.com\/tantonteriateatro.com\/wp-content\/uploads\/2019\/08\/MG_3770-min.jpg?resize=768%2C512&amp;ssl=1 768w, https:\/\/i0.wp.com\/tantonteriateatro.com\/wp-content\/uploads\/2019\/08\/MG_3770-min.jpg?w=1900&amp;ssl=1 1900w, https:\/\/i0.wp.com\/tantonteriateatro.com\/wp-content\/uploads\/2019\/08\/MG_3770-min.jpg?w=2850&amp;ssl=1 2850w\" sizes=\"auto, (max-width: 562px) 100vw, 562px\" \/><\/figure><\/div>\n\n\n\n<p>Nos tomamos un t\u00e9 con Natalia Eseverri y el resultado es\nesta entrevista:<\/p>\n\n\n\n<p><\/p>\n\n\n\n<p>En este enlace podr\u00e9is leerla.<\/p>\n\n\n\n<p>Natalia y yo nos conocimos hace a\u00f1os en un programa de radio\ndonde colaboraba junto con otros compa\u00f1eros en una secci\u00f3n de teatro\nradiof\u00f3nico.<\/p>\n\n\n\n<p>Esta semana recib\u00ed un mensaje donde me propon\u00eda vernos y\nhablar de TanTonTer\u00eda Teatro. En esta entrevista hablamos de nuestros\ncomienzos, de los espect\u00e1culos que tenemos en gira y de nuestras formas de\nproducci\u00f3n.<\/p>\n\n\n\n<p>Fue una ma\u00f1ana muy distendida, muchas gracias Natalia por la\nentrevista y por tu peque\u00f1o rinc\u00f3n&nbsp;<a href=\"http:\/\/elarcondenatalia.es\/\" target=\"_blank\" rel=\"noreferrer noopener\">El Arc\u00f3n de Natalia.<\/a><\/p>\n<\/div>\n<\/div>\n\n\n\n<p><\/p>\n","protected":false},"excerpt":{"rendered":"<p>Tiempos Viejos estar\u00e1 en el 37 Festival de Teatro de M\u00e1laga Entrevista a Ester Abad y a Miguel Navarro en el programa TeV\u00e9 de PTV Con motivo de nuestras representaciones en Sala CAMM, el programa TeV\u00e9 nos dedica unos minutos para entrevistarnos. Ester y Miguel son los encargados de hablaros sobre nuestros dos espect\u00e1culos \u00abTiempos &hellip; <\/p>\n<p class=\"link-more\"><a href=\"https:\/\/tantonteriateatro.com\/index.php\/blog-2\/\" class=\"more-link\">Leer m\u00e1s<span class=\"screen-reader-text\"> \u00abNoticias\u00bb<\/span><\/a><\/p>\n","protected":false},"author":1,"featured_media":0,"parent":0,"menu_order":0,"comment_status":"closed","ping_status":"closed","template":"","meta":{"inspiro_hide_title":false,"inspiro_hide_featured_image":false,"footnotes":""},"class_list":["post-252","page","type-page","status-publish","hentry"],"yoast_head":"<!-- This site is optimized with the Yoast SEO plugin v27.6 - https:\/\/yoast.com\/product\/yoast-seo-wordpress\/ -->\n<title>Noticias - TanTonTer\u00eda Teatro<\/title>\n<meta name=\"robots\" content=\"index, follow, max-snippet:-1, max-image-preview:large, max-video-preview:-1\" \/>\n<link rel=\"canonical\" href=\"https:\/\/tantonteriateatro.com\/index.php\/blog-2\/\" \/>\n<meta property=\"og:locale\" content=\"es_ES\" \/>\n<meta property=\"og:type\" content=\"article\" \/>\n<meta property=\"og:title\" content=\"Noticias - TanTonTer\u00eda Teatro\" \/>\n<meta property=\"og:description\" content=\"Tiempos Viejos estar\u00e1 en el 37 Festival de Teatro de M\u00e1laga Entrevista a Ester Abad y a Miguel Navarro en el programa TeV\u00e9 de PTV Con motivo de nuestras representaciones en Sala CAMM, el programa TeV\u00e9 nos dedica unos minutos para entrevistarnos. Ester y Miguel son los encargados de hablaros sobre nuestros dos espect\u00e1culos \u00abTiempos &hellip; Leer m\u00e1s \u00abNoticias\u00bb\" \/>\n<meta property=\"og:url\" content=\"https:\/\/tantonteriateatro.com\/index.php\/blog-2\/\" \/>\n<meta property=\"og:site_name\" content=\"TanTonTer\u00eda Teatro\" \/>\n<meta property=\"article:publisher\" content=\"https:\/\/www.facebook.com\/tantonteria\" \/>\n<meta property=\"article:modified_time\" content=\"2019-11-16T14:27:38+00:00\" \/>\n<meta property=\"og:image\" content=\"https:\/\/tantonteriateatro.com\/wp-content\/uploads\/2019\/09\/mg3313-5.jpg\" \/>\n<meta name=\"twitter:card\" content=\"summary_large_image\" \/>\n<meta name=\"twitter:site\" content=\"@tantonteria\" \/>\n<meta name=\"twitter:label1\" content=\"Tiempo de lectura\" \/>\n\t<meta name=\"twitter:data1\" content=\"3 minutos\" \/>\n<script type=\"application\/ld+json\" class=\"yoast-schema-graph\">{\"@context\":\"https:\\\/\\\/schema.org\",\"@graph\":[{\"@type\":\"WebPage\",\"@id\":\"https:\\\/\\\/tantonteriateatro.com\\\/index.php\\\/blog-2\\\/\",\"url\":\"https:\\\/\\\/tantonteriateatro.com\\\/index.php\\\/blog-2\\\/\",\"name\":\"Noticias - TanTonTer\u00eda Teatro\",\"isPartOf\":{\"@id\":\"https:\\\/\\\/tantonteriateatro.com\\\/#website\"},\"primaryImageOfPage\":{\"@id\":\"https:\\\/\\\/tantonteriateatro.com\\\/index.php\\\/blog-2\\\/#primaryimage\"},\"image\":{\"@id\":\"https:\\\/\\\/tantonteriateatro.com\\\/index.php\\\/blog-2\\\/#primaryimage\"},\"thumbnailUrl\":\"https:\\\/\\\/tantonteriateatro.com\\\/wp-content\\\/uploads\\\/2019\\\/09\\\/mg3313-5.jpg\",\"datePublished\":\"2019-05-21T15:19:05+00:00\",\"dateModified\":\"2019-11-16T14:27:38+00:00\",\"breadcrumb\":{\"@id\":\"https:\\\/\\\/tantonteriateatro.com\\\/index.php\\\/blog-2\\\/#breadcrumb\"},\"inLanguage\":\"es\",\"potentialAction\":[{\"@type\":\"ReadAction\",\"target\":[\"https:\\\/\\\/tantonteriateatro.com\\\/index.php\\\/blog-2\\\/\"]}]},{\"@type\":\"ImageObject\",\"inLanguage\":\"es\",\"@id\":\"https:\\\/\\\/tantonteriateatro.com\\\/index.php\\\/blog-2\\\/#primaryimage\",\"url\":\"https:\\\/\\\/i0.wp.com\\\/tantonteriateatro.com\\\/wp-content\\\/uploads\\\/2019\\\/09\\\/mg3313-5.jpg?fit=690%2C425&ssl=1\",\"contentUrl\":\"https:\\\/\\\/i0.wp.com\\\/tantonteriateatro.com\\\/wp-content\\\/uploads\\\/2019\\\/09\\\/mg3313-5.jpg?fit=690%2C425&ssl=1\",\"width\":690,\"height\":425},{\"@type\":\"BreadcrumbList\",\"@id\":\"https:\\\/\\\/tantonteriateatro.com\\\/index.php\\\/blog-2\\\/#breadcrumb\",\"itemListElement\":[{\"@type\":\"ListItem\",\"position\":1,\"name\":\"Portada\",\"item\":\"https:\\\/\\\/tantonteriateatro.com\\\/\"},{\"@type\":\"ListItem\",\"position\":2,\"name\":\"Noticias\"}]},{\"@type\":\"WebSite\",\"@id\":\"https:\\\/\\\/tantonteriateatro.com\\\/#website\",\"url\":\"https:\\\/\\\/tantonteriateatro.com\\\/\",\"name\":\"TanTonTer\u00eda Teatro\",\"description\":\"\",\"publisher\":{\"@id\":\"https:\\\/\\\/tantonteriateatro.com\\\/#organization\"},\"potentialAction\":[{\"@type\":\"SearchAction\",\"target\":{\"@type\":\"EntryPoint\",\"urlTemplate\":\"https:\\\/\\\/tantonteriateatro.com\\\/?s={search_term_string}\"},\"query-input\":{\"@type\":\"PropertyValueSpecification\",\"valueRequired\":true,\"valueName\":\"search_term_string\"}}],\"inLanguage\":\"es\"},{\"@type\":\"Organization\",\"@id\":\"https:\\\/\\\/tantonteriateatro.com\\\/#organization\",\"name\":\"TanTonTer\u00eda Teatro\",\"alternateName\":\"TanTonTer\u00eda\",\"url\":\"https:\\\/\\\/tantonteriateatro.com\\\/\",\"logo\":{\"@type\":\"ImageObject\",\"inLanguage\":\"es\",\"@id\":\"https:\\\/\\\/tantonteriateatro.com\\\/#\\\/schema\\\/logo\\\/image\\\/\",\"url\":\"https:\\\/\\\/i0.wp.com\\\/tantonteriateatro.com\\\/wp-content\\\/uploads\\\/2021\\\/05\\\/cropped-Tantonter\u00eda-Logo_Blanco-e1646744156376-7.png?fit=357%2C251&ssl=1\",\"contentUrl\":\"https:\\\/\\\/i0.wp.com\\\/tantonteriateatro.com\\\/wp-content\\\/uploads\\\/2021\\\/05\\\/cropped-Tantonter\u00eda-Logo_Blanco-e1646744156376-7.png?fit=357%2C251&ssl=1\",\"width\":357,\"height\":251,\"caption\":\"TanTonTer\u00eda Teatro\"},\"image\":{\"@id\":\"https:\\\/\\\/tantonteriateatro.com\\\/#\\\/schema\\\/logo\\\/image\\\/\"},\"sameAs\":[\"https:\\\/\\\/www.facebook.com\\\/tantonteria\",\"https:\\\/\\\/x.com\\\/tantonteria\",\"https:\\\/\\\/www.instagram.com\\\/tantonteriateatro\\\/\",\"https:\\\/\\\/www.youtube.com\\\/channel\\\/UCLjo0AoFPMPfYO6aMtNSpaQ?view_as=subscriber\"]}]}<\/script>\n<!-- \/ Yoast SEO plugin. -->","yoast_head_json":{"title":"Noticias - TanTonTer\u00eda Teatro","robots":{"index":"index","follow":"follow","max-snippet":"max-snippet:-1","max-image-preview":"max-image-preview:large","max-video-preview":"max-video-preview:-1"},"canonical":"https:\/\/tantonteriateatro.com\/index.php\/blog-2\/","og_locale":"es_ES","og_type":"article","og_title":"Noticias - TanTonTer\u00eda Teatro","og_description":"Tiempos Viejos estar\u00e1 en el 37 Festival de Teatro de M\u00e1laga Entrevista a Ester Abad y a Miguel Navarro en el programa TeV\u00e9 de PTV Con motivo de nuestras representaciones en Sala CAMM, el programa TeV\u00e9 nos dedica unos minutos para entrevistarnos. Ester y Miguel son los encargados de hablaros sobre nuestros dos espect\u00e1culos \u00abTiempos &hellip; Leer m\u00e1s \u00abNoticias\u00bb","og_url":"https:\/\/tantonteriateatro.com\/index.php\/blog-2\/","og_site_name":"TanTonTer\u00eda Teatro","article_publisher":"https:\/\/www.facebook.com\/tantonteria","article_modified_time":"2019-11-16T14:27:38+00:00","og_image":[{"url":"https:\/\/tantonteriateatro.com\/wp-content\/uploads\/2019\/09\/mg3313-5.jpg","type":"","width":"","height":""}],"twitter_card":"summary_large_image","twitter_site":"@tantonteria","twitter_misc":{"Tiempo de lectura":"3 minutos"},"schema":{"@context":"https:\/\/schema.org","@graph":[{"@type":"WebPage","@id":"https:\/\/tantonteriateatro.com\/index.php\/blog-2\/","url":"https:\/\/tantonteriateatro.com\/index.php\/blog-2\/","name":"Noticias - TanTonTer\u00eda Teatro","isPartOf":{"@id":"https:\/\/tantonteriateatro.com\/#website"},"primaryImageOfPage":{"@id":"https:\/\/tantonteriateatro.com\/index.php\/blog-2\/#primaryimage"},"image":{"@id":"https:\/\/tantonteriateatro.com\/index.php\/blog-2\/#primaryimage"},"thumbnailUrl":"https:\/\/tantonteriateatro.com\/wp-content\/uploads\/2019\/09\/mg3313-5.jpg","datePublished":"2019-05-21T15:19:05+00:00","dateModified":"2019-11-16T14:27:38+00:00","breadcrumb":{"@id":"https:\/\/tantonteriateatro.com\/index.php\/blog-2\/#breadcrumb"},"inLanguage":"es","potentialAction":[{"@type":"ReadAction","target":["https:\/\/tantonteriateatro.com\/index.php\/blog-2\/"]}]},{"@type":"ImageObject","inLanguage":"es","@id":"https:\/\/tantonteriateatro.com\/index.php\/blog-2\/#primaryimage","url":"https:\/\/i0.wp.com\/tantonteriateatro.com\/wp-content\/uploads\/2019\/09\/mg3313-5.jpg?fit=690%2C425&ssl=1","contentUrl":"https:\/\/i0.wp.com\/tantonteriateatro.com\/wp-content\/uploads\/2019\/09\/mg3313-5.jpg?fit=690%2C425&ssl=1","width":690,"height":425},{"@type":"BreadcrumbList","@id":"https:\/\/tantonteriateatro.com\/index.php\/blog-2\/#breadcrumb","itemListElement":[{"@type":"ListItem","position":1,"name":"Portada","item":"https:\/\/tantonteriateatro.com\/"},{"@type":"ListItem","position":2,"name":"Noticias"}]},{"@type":"WebSite","@id":"https:\/\/tantonteriateatro.com\/#website","url":"https:\/\/tantonteriateatro.com\/","name":"TanTonTer\u00eda Teatro","description":"","publisher":{"@id":"https:\/\/tantonteriateatro.com\/#organization"},"potentialAction":[{"@type":"SearchAction","target":{"@type":"EntryPoint","urlTemplate":"https:\/\/tantonteriateatro.com\/?s={search_term_string}"},"query-input":{"@type":"PropertyValueSpecification","valueRequired":true,"valueName":"search_term_string"}}],"inLanguage":"es"},{"@type":"Organization","@id":"https:\/\/tantonteriateatro.com\/#organization","name":"TanTonTer\u00eda Teatro","alternateName":"TanTonTer\u00eda","url":"https:\/\/tantonteriateatro.com\/","logo":{"@type":"ImageObject","inLanguage":"es","@id":"https:\/\/tantonteriateatro.com\/#\/schema\/logo\/image\/","url":"https:\/\/i0.wp.com\/tantonteriateatro.com\/wp-content\/uploads\/2021\/05\/cropped-Tantonter\u00eda-Logo_Blanco-e1646744156376-7.png?fit=357%2C251&ssl=1","contentUrl":"https:\/\/i0.wp.com\/tantonteriateatro.com\/wp-content\/uploads\/2021\/05\/cropped-Tantonter\u00eda-Logo_Blanco-e1646744156376-7.png?fit=357%2C251&ssl=1","width":357,"height":251,"caption":"TanTonTer\u00eda Teatro"},"image":{"@id":"https:\/\/tantonteriateatro.com\/#\/schema\/logo\/image\/"},"sameAs":["https:\/\/www.facebook.com\/tantonteria","https:\/\/x.com\/tantonteria","https:\/\/www.instagram.com\/tantonteriateatro\/","https:\/\/www.youtube.com\/channel\/UCLjo0AoFPMPfYO6aMtNSpaQ?view_as=subscriber"]}]}},"jetpack_sharing_enabled":true,"_links":{"self":[{"href":"https:\/\/tantonteriateatro.com\/index.php\/wp-json\/wp\/v2\/pages\/252","targetHints":{"allow":["GET"]}}],"collection":[{"href":"https:\/\/tantonteriateatro.com\/index.php\/wp-json\/wp\/v2\/pages"}],"about":[{"href":"https:\/\/tantonteriateatro.com\/index.php\/wp-json\/wp\/v2\/types\/page"}],"author":[{"embeddable":true,"href":"https:\/\/tantonteriateatro.com\/index.php\/wp-json\/wp\/v2\/users\/1"}],"replies":[{"embeddable":true,"href":"https:\/\/tantonteriateatro.com\/index.php\/wp-json\/wp\/v2\/comments?post=252"}],"version-history":[{"count":88,"href":"https:\/\/tantonteriateatro.com\/index.php\/wp-json\/wp\/v2\/pages\/252\/revisions"}],"predecessor-version":[{"id":689,"href":"https:\/\/tantonteriateatro.com\/index.php\/wp-json\/wp\/v2\/pages\/252\/revisions\/689"}],"wp:attachment":[{"href":"https:\/\/tantonteriateatro.com\/index.php\/wp-json\/wp\/v2\/media?parent=252"}],"curies":[{"name":"wp","href":"https:\/\/api.w.org\/{rel}","templated":true}]}}